{"id":240679,"date":"2023-06-05T11:51:05","date_gmt":"2023-06-05T11:51:05","guid":{"rendered":"https:\/\/neu.sandgold.it\/buono-a-sapersi\/"},"modified":"2025-10-03T06:53:25","modified_gmt":"2025-10-03T06:53:25","slug":"buono-a-sapersi","status":"publish","type":"page","link":"https:\/\/www.sandgold.it\/it\/buono-a-sapersi\/","title":{"rendered":"Buono a sapersi"},"content":{"rendered":"<p>[et_pb_section fb_built=&#8221;1&#8243; next_background_color=&#8221;#5A6C54&#8243; disabled_on=&#8221;on|on|on&#8221; admin_label=&#8221;first&#8221; module_id=&#8221;video&#8221; _builder_version=&#8221;4.21.0&#8243; _module_preset=&#8221;default&#8221; background_color=&#8221;#5A6C54&#8243; background_image=&#8221;https:\/\/neu.sandgold.it\/wp-content\/uploads\/2023\/05\/background-woods-2-1.jpg&#8221; parallax=&#8221;on&#8221; custom_margin=&#8221;||||false|false&#8221; custom_padding=&#8221;||93px|||&#8221; bottom_divider_style=&#8221;mountains&#8221; disabled=&#8221;on&#8221; global_colors_info=&#8221;{}&#8221;][et_pb_row _builder_version=&#8221;4.21.0&#8243; _module_preset=&#8221;default&#8221; module_alignment=&#8221;center&#8221; custom_padding=&#8221;||2px|||&#8221; global_colors_info=&#8221;{}&#8221;][et_pb_column type=&#8221;4_4&#8243; _builder_version=&#8221;4.16&#8243; _module_preset=&#8221;default&#8221; global_colors_info=&#8221;{}&#8221;][et_pb_text _builder_version=&#8221;4.21.0&#8243; _module_preset=&#8221;default&#8221; header_2_text_color=&#8221;#FFFFFF&#8221; header_2_font_size=&#8221;50px&#8221; text_orientation=&#8221;center&#8221; header_2_font_size_tablet=&#8221;42px&#8221; header_2_font_size_phone=&#8221;26px&#8221; header_2_font_size_last_edited=&#8221;on|phone&#8221; header_2_line_height_tablet=&#8221;&#8221; header_2_line_height_phone=&#8221;1.2em&#8221; header_2_line_height_last_edited=&#8221;on|phone&#8221; global_colors_info=&#8221;{}&#8221;]<\/p>\n<h2>Arrivare, respirare<\/h2>\n<p>[\/et_pb_text][et_pb_text _builder_version=&#8221;4.21.0&#8243; _module_preset=&#8221;default&#8221; text_line_height=&#8221;1.8em&#8221; text_orientation=&#8221;center&#8221; background_layout=&#8221;dark&#8221; custom_margin=&#8221;||40px||false|false&#8221; text_font_tablet=&#8221;&#8221; text_font_phone=&#8221;&#8221; text_font_last_edited=&#8221;on|desktop&#8221; text_font_size_tablet=&#8221;&#8221; text_font_size_phone=&#8221;14px&#8221; text_font_size_last_edited=&#8221;on|phone&#8221; global_colors_info=&#8221;{}&#8221;]<\/p>\n<h5>Come trovare il nostro campeggio<\/h5>\n<p><strong>In auto<\/strong><br \/>\n<em>Provenendo dalla A22:<\/em> uscita Bressanone, direzione Brunico; bypassare Brunico &#8211; uscita Brunico Ost, direzione Valle Aurina sulla SS621; all&#8217;ingresso di Molini di Tures all&#8217;incrocio proseguire dritto, direzione Reinbachwasserf\u00e4lle, proseguire per 2,5 km e poi girare a destra in Winkelweg. Dopo il ponte, il campeggio S\u00e5ndg\u00f8ld si trova sulla sinistra.<\/p>\n<p><em>Provenendo dal Tirolo Est:<\/em> attraverso la Val Pusteria sulla SS49 fino alla circonvallazione di Brunico &#8211; prendere l&#8217;uscita Brunico Ost, seguire la SS621 verso la Valle Aurina; all&#8217;ingresso di Molini di Tures, proseguire dritto all&#8217;incrocio in direzione Reinbachwasserf\u00e4lle, seguire la strada per 2,5 km e poi svoltare a destra in Winkelweg. Dopo il ponte, il campeggio S\u00e5ndg\u00f8ld si trova sulla sinistra.<\/p>\n<p><strong>Treno e autobus<\/strong><br \/>\nOttimi collegamenti con la stazione ferroviaria di Brunico; da l\u00ec prendere l&#8217;autobus in direzione Valle Aurina fino a Campo Tures; dalla stazione degli autobus di Campo Tures prendere il Citybus fino alla fermata &#8220;Cascade&#8221;; il campeggio S\u00e5ndg\u00f8ld \u00e8 sulla sinistra, a circa 150 m dalla fermata.<\/p>\n<p><strong>In aereo:<\/strong><br \/>\nAeroporti vicini &#8211; Bolzano 100 km, &#8211; Innsbruck 130 km, &#8211; Treviso 180 km, &#8211; Venezia 200 km, &#8211; Bergamo 310 km, &#8211; Verona 250 km, &#8211; Monaco 300 km.<\/p>\n<p>[\/et_pb_text][et_pb_code _builder_version=&#8221;4.21.0&#8243; _module_preset=&#8221;default&#8221; global_colors_info=&#8221;{}&#8221;]<pee><iframe loading=\"lazy\" style=\"border: 0;\" src=\"https:\/\/www.google.com\/maps\/embed?pb=!1m18!1m12!1m3!1d2729681.3835670208!2d8.084855149082035!3d48.0773469269024!2m3!1f0!2f0!3f0!3m2!1i1024!2i768!4f13.1!3m3!1m2!1s0x4777f39e89b48889%3A0x7fe3af75d8d76cab!2sSANDGOLD%20Alpine%20Glamping!5e0!3m2!1sde!2sit!4v1680103761534!5m2!1sde!2sit\" width=\"100%\" height=\"600\" allowfullscreen=\"allowfullscreen\"><\/iframe><\/pee>[\/et_pb_code][\/et_pb_column][\/et_pb_row][\/et_pb_section][et_pb_section fb_built=&#8221;1&#8243; admin_label=&#8221;About&#8221; module_id=&#8221;goodtoknow&#8221; _builder_version=&#8221;4.21.0&#8243; _module_preset=&#8221;default&#8221; background_color=&#8221;#5A6C54&#8243; background_enable_image=&#8221;off&#8221; parallax=&#8221;on&#8221; background_pattern_horizontal_offset=&#8221;0%&#8221; background_pattern_vertical_offset=&#8221;0%&#8221; custom_margin=&#8221;||||false|false&#8221; custom_padding=&#8221;||93px|||&#8221; top_divider_color=&#8221;#1a2c2a&#8221; global_colors_info=&#8221;{}&#8221;][et_pb_row column_structure=&#8221;1_2,1_2&#8243; disabled_on=&#8221;on|on|on&#8221; _builder_version=&#8221;4.21.0&#8243; _module_preset=&#8221;default&#8221; disabled=&#8221;on&#8221; global_colors_info=&#8221;{}&#8221;][et_pb_column type=&#8221;1_2&#8243; _builder_version=&#8221;4.21.0&#8243; _module_preset=&#8221;default&#8221; global_colors_info=&#8221;{}&#8221;][et_pb_text _builder_version=&#8221;4.21.0&#8243; _module_preset=&#8221;default&#8221; background_layout=&#8221;dark&#8221; global_colors_info=&#8221;{}&#8221;]<\/p>\n<p><strong>Stornierungsbedingungen<\/strong><\/p>\n<p>Leider kann immer etwas dazwischen kommen, sodass du deinen Urlaub nicht oder erst versp\u00e4tet antreten kannst, oder fr\u00fcher abbrechen musst.<\/p>\n<p>&#8211; Bei einer Stornierung ab 7 Tage vor Anreise berechnen wir 50% des Gesamtpreises<\/p>\n<p>&#8211; Bei Nichterscheinen (No Show), vorzeitiger Abreise und\/oder versp\u00e4teter Anreise werden alle gebuchten Tage in Rechnung gestellt.<\/p>\n<p>Je nach Saison und Buchungslage behalten wir uns vor, die Stornierungsbedingungen anzupassen.<\/p>\n<p>Als Garantie f\u00fcr die Reservierung ist eine Kreditkarte erforderlich.<\/p>\n<p>Um Stornogeb\u00fchren zu vermeiden, empfehlen wir den Abschluss der folgenden g\u00fcnstigen Reiser\u00fccktrittsversicherung.<\/p>\n<p>Einfach Pr\u00e4mie berechnen und \u00fcber folgenden Link buchen:<\/p>\n<p><a href=\"https:\/\/www.europaeische.at\/\" target=\"_blank\" rel=\"noopener\">www.europaeische.at<\/a><\/p>\n<p><strong>An- und Abreise<\/strong><\/p>\n<p><em>Stellplatz:<\/em><\/p>\n<p>Der reservierte Stellplatz steht am Anreisetag ab 15.00 Uhr zur Verf\u00fcgung und nach Absprache mit unserer Rezeption, sofern keine Reservierung vorliegt, aus verf\u00fcgbaren Pl\u00e4tzen frei w\u00e4hlbar.<\/p>\n<p>Solltest du nach 19.00 Uhr anreisen, bitten wir um eine kurze Benachrichtigung.<\/p>\n<p>Am Abreisetag bitten wir dich, den Stellplatz bis 11.30 Uhr freizugeben.<\/p>\n<p>Bei versp\u00e4teter Abreise wird der Tag in Rechnung gestellt.<\/p>\n<p><em>Chalet:<\/em><\/p>\n<p>Dein reserviertes Hideaway steht am Anreisetag ab 15.00 Uhr zur Verf\u00fcgung.<\/p>\n<p>Solltest du nach 19.00 Uhr anreisen, bitten wir um eine kurze Benachrichtigung.<\/p>\n<p>Am Abreisetag bitten wir dich, die Unterkunft bis 10.00 Uhr freizugeben.<\/p>\n<p>Bei versp\u00e4teter Abreise wird der Tag in Rechnung gestellt.<\/p>\n<p><strong>Nachtruhe<\/strong><\/p>\n<p>Die Nachtruhe gilt von 22:00 bis 7:00 Uhr. Wir bitten diese zu respektieren und deine Nachbarn nicht durch laute Musik, laute Gespr\u00e4che oder Motorenl\u00e4rm zu st\u00f6ren. Der Urlaub soll f\u00fcr alle erholsam und stressfrei sein.<\/p>\n<p><strong>Armband &#8211; Campingpass<\/strong><\/p>\n<p>Jeder Campinggast erh\u00e4lt bei seiner Ankunft ein Armband als Campingpass. Es dient dazu, unbefugtes Betreten von Fremden zu vermeiden und erm\u00f6glicht dir jederzeit freien Zugang zum Campingplatz und zu den Sanit\u00e4ranlagen.<\/p>\n<p>Au\u00dferdem kann das Armband als Zahlungsmittel in unserer Bar\/Bistro verwendet werden.<\/p>\n<p>Die Abrechnung erfolgt bei Abreise an der Rezeption.<\/p>\n<p><strong>Haustiere<\/p>\n<p><\/strong><em>Stellpl\u00e4tze:<\/em><\/p>\n<p>Haustiere sind auf unserem Campingplatz Herzlich Willkommen. Wir bitten dich, deinen Hund immer an der kurzen Leine zu f\u00fchren und die Hinterlassenschaften deines Hundes selbst zu entsorgen.<\/p>\n<p>Pro Haustier berechnen wir 8,00 \u20ac pro Tag.<\/p>\n<p>Haustiere sind in den Sanit\u00e4ranlagen nicht erlaubt.<\/p>\n<p><em>Chalets:<\/em><\/p>\n<p>Wir bitten um Verst\u00e4ndnis, dass in den Chalets keine Haustiere erlaubt sind. Alternativ kannst du deinen Urlaub mit deinem vierbeinigen Freund auf unserem Campingplatz verbringen.<\/p>\n<p>&nbsp;<\/p>\n<p>[\/et_pb_text][\/et_pb_column][et_pb_column type=&#8221;1_2&#8243; _builder_version=&#8221;4.21.0&#8243; _module_preset=&#8221;default&#8221; global_colors_info=&#8221;{}&#8221;][et_pb_text _builder_version=&#8221;4.21.0&#8243; _module_preset=&#8221;default&#8221; background_layout=&#8221;dark&#8221; width=&#8221;100%&#8221; global_colors_info=&#8221;{}&#8221;]<\/p>\n<p><strong>Fattura<\/p>\n<p><\/strong>Il pagamento in contanti \u00e8 possibile per i cittadini dell&#8217;UE fino a un importo massimo di 4.999,00 euro. I cittadini extracomunitari possono pagare in contanti importi superiori. Accettiamo anche carte Visa, MasterCard e EC. Non \u00e8 possibile effettuare pagamenti con assegni.<\/p>\n<p>Per una prenotazione vincolante chiediamo un deposito del 30% dell&#8217;importo totale. La caparra pu\u00f2 essere pagata con carta di credito tramite il modulo sulla nostra homepage o tramite bonifico bancario.<\/p>\n<p>Le nostre coordinate bancarie sono:<\/p>\n<p>Beneficiario: Wieser Nature &amp; Hospitality GmbH<\/p>\n<p>Conto corrente bancario: Cassa Raiffeisen di Tures e Aurina<\/p>\n<p>IBAN: IT05H0828558270000304012542<\/p>\n<p>SWIFT: RZSBIT21040<\/p>\n<p><strong>Tassa locale<\/strong><\/p>\n<p>La tassa locale \u00e8 di 2,40 \u20ac a persona a partire dai 14 anni per notte. Deve essere pagata alla partenza e viene indicata separatamente. Alla reception \u00e8 possibile ottenere la Mobility Card, con la quale \u00e8 possibile utilizzare gratuitamente gli autobus e i treni regionali in Alto Adige.<\/p>\n<p><strong>Prezzi<\/strong><\/p>\n<p>Tutti i prezzi si intendono al giorno nel periodo indicato. I prezzi sono soggetti a variazioni senza preavviso, salvo errori e omissioni.<\/p>\n<p><strong>Soggiorno minimo<\/p>\n<p><\/strong><em>Piazzole:<\/p>\n<p><\/em>Il soggiorno minimo per le piazzole \u00e8 di 1 notte.<\/p>\n<p><em>Chalet:<\/p>\n<p><\/em>Il soggiorno minimo per gli chalet \u00e8 di 4 notti in alta stagione e di 2 notti in bassa stagione.<\/p>\n<p><strong>Wi-Fi<\/strong><\/p>\n<p>Il Wi-Fi \u00e8 disponibile gratuitamente in tutta la struttura.<\/p>\n<p><strong>Servizi igienici<\/strong><\/p>\n<p>I nostri servizi igienici si trovano nel seminterrato dell&#8217;edificio principale e sono aperti 24 ore al giorno. Ci impegniamo sempre per la pulizia e l&#8217;igiene. Vi preghiamo di lasciare tutto come vorreste trovarlo.<\/p>\n<p>Abbiamo anche 8 bagni privati per una maggiore privacy. Questi possono essere prenotati al giorno.<\/p>\n<p><strong>Raccolta differenziata<\/strong><\/p>\n<p>Vi chiediamo di separare accuratamente i rifiuti e di smaltirli negli appositi contenitori (all&#8217;uscita): vetro, carta, metallo, bottiglie di plastica, Tetra Pak, cartone, rifiuti residui.<\/p>\n<p><strong>Fuochi aperti<\/strong><\/p>\n<p>I fuochi aperti sono vietati a causa del rischio di incendio. Ad eccezione delle griglie su rastrelliera.<\/p>\n<p><strong>Visitatori<\/strong><\/p>\n<p>I visitatori sono i benvenuti ma devono identificarsi alla reception.<\/p>\n<p><strong>Emergenze<\/strong><\/p>\n<p>Numero di emergenza: 112<\/p>\n<p>L&#8217;ospedale pi\u00f9 vicino si trova a Brunico, a 15 km di distanza.<\/p>\n<p>[\/et_pb_text][\/et_pb_column][\/et_pb_row][et_pb_row _builder_version=&#8221;4.21.0&#8243; _module_preset=&#8221;default&#8221; max_width=&#8221;700px&#8221; module_alignment=&#8221;center&#8221; custom_padding=&#8221;||2px|||&#8221; scroll_fade_enable=&#8221;on&#8221; global_colors_info=&#8221;{}&#8221;][et_pb_column type=&#8221;4_4&#8243; _builder_version=&#8221;4.16&#8243; _module_preset=&#8221;default&#8221; global_colors_info=&#8221;{}&#8221;][et_pb_text _builder_version=&#8221;4.21.0&#8243; _module_preset=&#8221;default&#8221; header_2_text_color=&#8221;#FFFFFF&#8221; header_2_font_size=&#8221;50px&#8221; text_orientation=&#8221;center&#8221; background_layout=&#8221;dark&#8221; header_2_font_size_tablet=&#8221;42px&#8221; header_2_font_size_phone=&#8221;26px&#8221; header_2_font_size_last_edited=&#8221;on|phone&#8221; header_2_line_height_tablet=&#8221;&#8221; header_2_line_height_phone=&#8221;1.2em&#8221; header_2_line_height_last_edited=&#8221;on|phone&#8221; global_colors_info=&#8221;{}&#8221;]<\/p>\n<h2>Buono a sapersi<\/h2>\n<p>Tutto su arrivo, cancellazione, assicurazione di viaggio &amp; Co.<\/p>\n<p>&nbsp;<\/p>\n<p>[\/et_pb_text][\/et_pb_column][\/et_pb_row][et_pb_row _builder_version=&#8221;4.21.0&#8243; _module_preset=&#8221;default&#8221; global_colors_info=&#8221;{}&#8221;][et_pb_column type=&#8221;4_4&#8243; _builder_version=&#8221;4.21.0&#8243; _module_preset=&#8221;default&#8221; global_colors_info=&#8221;{}&#8221;][et_pb_accordion closed_toggle_text_color=&#8221;#FFFFFF&#8221; _builder_version=&#8221;4.27.4&#8243; _module_preset=&#8221;default&#8221; body_text_color=&#8221;#FFFFFF&#8221; global_colors_info=&#8221;{}&#8221;][et_pb_accordion_item title=&#8221;Indicazioni stradali&#8221; open_toggle_text_color=&#8221;#FFFFFF&#8221; open_toggle_background_color=&#8221;#5A6C54&#8243; closed_toggle_text_color=&#8221;#FFFFFF&#8221; closed_toggle_background_color=&#8221;#5A6C54&#8243; _builder_version=&#8221;4.21.0&#8243; _module_preset=&#8221;default&#8221; body_text_color=&#8221;#FFFFFF&#8221; global_colors_info=&#8221;{}&#8221; toggle_text_color=&#8221;#FFFFFF&#8221; open=&#8221;off&#8221;]<\/p>\n<p><strong>In auto<\/strong><br \/>\nProvenendo dalla A22: uscita Bressanone, direzione Brunico; bypassare Brunico &#8211; uscita Brunico Ost, direzione Valle Aurina sulla SS621; all&#8217;ingresso di Molini di Tures all&#8217;incrocio proseguire dritto, direzione Reinbachwasserf\u00e4lle, proseguire per 2,5 km e poi girare a destra in Winkelweg. Dopo il ponte, il campeggio S\u00e5ndg\u00f8ld si trova sulla sinistra.<\/p>\n<p>Provenendo dal Tirolo Orientale: attraverso la Val Pusteria sulla SS49 fino alla circonvallazione di Brunico &#8211; prendere l&#8217;uscita Brunico Ost, seguire la SS621 verso la Valle Aurina; all&#8217;ingresso di Molini di Tures, proseguire dritto all&#8217;incrocio in direzione Reinbachwasserf\u00e4lle, seguire la strada per 2,5 km e poi svoltare a destra in Winkelweg. Dopo il ponte, il campeggio S\u00e5ndg\u00f8ld si trova sulla sinistra.<\/p>\n<p><a href=\"https:\/\/www.google.it\/maps\/place\/S%C3%A5ndg%C3%B8ld+Alpine+Glamping\/@46.9124215,11.9623488,16.71z\/data=!4m6!3m5!1s0x4777f39e89b48889:0x7fe3af75d8d76cab!8m2!3d46.9125908!4d11.9647677!16s%2Fg%2F11khvq6d2r?entry=ttu\">Google Maps<\/a><\/p>\n<p><strong>Treno e autobus<\/strong><br \/>\nOttimi collegamenti con la stazione ferroviaria di Brunico; da l\u00ec prendere l&#8217;autobus in direzione Valle Aurina fino a Campo Tures; dalla stazione degli autobus di Campo Tures prendere il Citybus fino alla fermata &#8220;Cascade&#8221;; il campeggio S\u00e5ndg\u00f8ld \u00e8 sulla sinistra, a circa 150 m dalla fermata.<\/p>\n<p><strong>In aereo<\/strong><br \/>\nAeroporti vicini &#8211; Bolzano 100 km, &#8211; Innsbruck 130 km, &#8211; Treviso 180 km, &#8211; Venezia 200 km, &#8211; Bergamo 310 km, &#8211; Verona 250 km, &#8211; Monaco 300 km.<\/p>\n<p>[\/et_pb_accordion_item][et_pb_accordion_item title=&#8221;Politica di cancellazione&#8221; open_toggle_text_color=&#8221;#FFFFFF&#8221; open_toggle_background_color=&#8221;#5A6C54&#8243; closed_toggle_text_color=&#8221;#FFFFFF&#8221; closed_toggle_background_color=&#8221;#5A6C54&#8243; _builder_version=&#8221;4.21.0&#8243; _module_preset=&#8221;default&#8221; background_color=&#8221;#5A6C54&#8243; background_enable_color=&#8221;on&#8221; global_colors_info=&#8221;{}&#8221; toggle_text_color=&#8221;#FFFFFF&#8221; open=&#8221;off&#8221;]<\/p>\n<p>Purtroppo pu\u00f2 sempre capitare un imprevisto che impedisce di iniziare la vacanza, o che la ritarda, o che la costringe a partire in anticipo.<\/p>\n<p>&#8211; Per cancellazioni a partire da 7 giorni prima dell&#8217;arrivo, addebitiamo il 50% del prezzo totale.<br \/>\n&#8211; In caso di mancata presentazione, partenza anticipata e\/o arrivo posticipato, verranno addebitati tutti i giorni prenotati.<br \/>\nA seconda della stagione e della situazione delle prenotazioni, ci riserviamo il diritto di modificare le condizioni di cancellazione.<\/p>\n<p>\u00c8 richiesta una carta di credito a garanzia della prenotazione.<\/p>\n<p>Per evitare le spese di annullamento, vi consigliamo di stipulare la seguente assicurazione di annullamento viaggio a basso costo.<br \/>\n\u00c8 sufficiente calcolare il premio e prenotare tramite il seguente link:<br \/>\n<a href=\"https:\/\/www.europaeische.at\/en\/\">www.europaeische.at<\/a><\/p>\n<p>[\/et_pb_accordion_item][et_pb_accordion_item title=&#8221;Arrivo e partenza&#8221; open_toggle_text_color=&#8221;#FFFFFF&#8221; open_toggle_background_color=&#8221;#5A6C54&#8243; closed_toggle_text_color=&#8221;#FFFFFF&#8221; closed_toggle_background_color=&#8221;#5A6C54&#8243; _builder_version=&#8221;4.21.0&#8243; _module_preset=&#8221;default&#8221; body_text_color=&#8221;#FFFFFF&#8221; global_colors_info=&#8221;{}&#8221; toggle_text_color=&#8221;#FFFFFF&#8221; open=&#8221;off&#8221;]<\/p>\n<p>Piazzola:<br \/>\nLa piazzola prenotata \u00e8 disponibile dalle ore 15.00 del giorno di arrivo e pu\u00f2 essere scelta liberamente tra le piazzole disponibili dopo aver consultato la nostra reception, a condizione che non sia stata effettuata alcuna prenotazione.<br \/>\nSe arrivate dopo le 19.00, vi preghiamo di comunicarcelo.<br \/>\nIl giorno della partenza, vi chiediamo di liberare la piazzola entro le ore 11.30.<br \/>\nIn caso di partenza ritardata, vi verr\u00e0 addebitato il costo della giornata.<\/p>\n<p>Chalet<br \/>\nIl vostro rifugio riservato sar\u00e0 disponibile dalle ore 15.00 del giorno di arrivo.<br \/>\nSe arrivate dopo le 19.00, vi preghiamo di comunicarcelo.<br \/>\nIl giorno della partenza vi chiediamo di liberare l&#8217;alloggio entro le ore 10.00.<br \/>\nIn caso di partenza tardiva, la giornata verr\u00e0 addebitata.<\/p>\n<p>[\/et_pb_accordion_item][et_pb_accordion_item title=&#8221;Colazione&#8221; open_toggle_text_color=&#8221;#FFFFFF&#8221; open_toggle_background_color=&#8221;#5A6C54&#8243; closed_toggle_text_color=&#8221;#FFFFFF&#8221; closed_toggle_background_color=&#8221;#5A6C54&#8243; _builder_version=&#8221;4.21.0&#8243; _module_preset=&#8221;default&#8221; body_text_color=&#8221;#FFFFFF&#8221; global_colors_info=&#8221;{}&#8221; toggle_text_color=&#8221;#FFFFFF&#8221; open=&#8221;off&#8221;]<\/p>\n<p>Saremo lieti di preparare un cestino per la colazione.<br \/>\nIndividuale o preferite il pacchetto di coccole S\u00e5ndg\u00f8ld? Non c&#8217;\u00e8 che l&#8217;imbarazzo della scelta.<br \/>\nOltre al pane appena sfornato, ai croissant e allo yogurt con muesli fatto in casa, offriamo anche diversi salumi e formaggi altoatesini, marmellate fatte in casa e altre prelibatezze. Cos\u00ec nulla ostacola un perfetto inizio di giornata. <br \/>\nI cestini per la colazione sono disponibili a partire da \u20ac 10,00.<\/p>\n<p>[\/et_pb_accordion_item][et_pb_accordion_item title=&#8221;Animali domestici&#8221; open=&#8221;on&#8221; open_toggle_text_color=&#8221;#FFFFFF&#8221; open_toggle_background_color=&#8221;#5A6C54&#8243; closed_toggle_text_color=&#8221;#FFFFFF&#8221; closed_toggle_background_color=&#8221;#5A6C54&#8243; _builder_version=&#8221;4.27.4&#8243; _module_preset=&#8221;default&#8221; body_text_color=&#8221;#FFFFFF&#8221; global_colors_info=&#8221;{}&#8221; toggle_text_color=&#8221;#FFFFFF&#8221;]<\/p>\n<p>Piazzole:<br \/>Gli animali domestici sono i benvenuti nel nostro campeggio. Vi chiediamo di tenere sempre il vostro cane al guinzaglio corto e di provvedere personalmente allo smaltimento dei suoi rifiuti.<br \/>Il costo \u00e8 di \u20ac 8,00 per animale al giorno.<br \/>Gli animali non sono ammessi nei servizi igienici.<\/p>\n<p>Chalet:<br \/>Gli animali domestici non sono ammessi negli chalet. In alternativa, potete trascorrere la vostra vacanza con il vostro amico a quattro zampe nel nostro campeggio.<\/p>\n<p>[\/et_pb_accordion_item][et_pb_accordion_item title=&#8221;Guestpass&#8221; open_toggle_text_color=&#8221;#FFFFFF&#8221; open_toggle_background_color=&#8221;#5A6C54&#8243; closed_toggle_text_color=&#8221;#FFFFFF&#8221; closed_toggle_background_color=&#8221;#5A6C54&#8243; _builder_version=&#8221;4.21.0&#8243; _module_preset=&#8221;default&#8221; body_text_color=&#8221;#FFFFFF&#8221; global_colors_info=&#8221;{}&#8221; toggle_text_color=&#8221;#FFFFFF&#8221; open=&#8221;off&#8221;]<\/p>\n<p>Con il Guestpass si possono utilizzare gratuitamente tutti i mezzi di trasporto pubblico dell&#8217;Alto Adige: Autobus di linea, skibus, treni regionali e alcune funivie (M\u00fchlbach-Meransen, Bolzano-Ritten).<br \/>\nAttenzione. Sono esclusi i bus navetta Dobbiaco &#8211; Tre Cime di Lavaredo (Rifugio Auronzo), Welsberg &#8211; Lago di Braies, bus navetta Prato Piazza.<br \/>\nIl Guestpass comprende anche un ricco programma settimanale e sconti su numerosi servizi.<br \/>\nIl Guestpass \u00e8 disponibile gratuitamente alla reception.<\/p>\n<p>[\/et_pb_accordion_item][et_pb_accordion_item title=&#8221;Tassa locale&#8221; open_toggle_text_color=&#8221;#FFFFFF&#8221; open_toggle_background_color=&#8221;#5A6C54&#8243; closed_toggle_text_color=&#8221;#FFFFFF&#8221; closed_toggle_background_color=&#8221;#5A6C54&#8243; _builder_version=&#8221;4.23.4&#8243; _module_preset=&#8221;default&#8221; body_text_color=&#8221;#FFFFFF&#8221; global_colors_info=&#8221;{}&#8221; toggle_text_color=&#8221;#FFFFFF&#8221; open=&#8221;off&#8221;]<\/p>\n<p>La tassa di soggiorno \u00e8 di 2,40 \u20ac per persona a partire dai 14 anni per notte. Deve essere pagata alla partenza e viene indicata separatamente.<\/p>\n<p>[\/et_pb_accordion_item][et_pb_accordion_item title=&#8221;Servizi igienici&#8221; open_toggle_text_color=&#8221;#FFFFFF&#8221; open_toggle_background_color=&#8221;#5A6C54&#8243; closed_toggle_text_color=&#8221;#FFFFFF&#8221; closed_toggle_background_color=&#8221;#5A6C54&#8243; _builder_version=&#8221;4.21.0&#8243; _module_preset=&#8221;default&#8221; body_text_color=&#8221;#FFFFFF&#8221; global_colors_info=&#8221;{}&#8221; toggle_text_color=&#8221;#FFFFFF&#8221; open=&#8221;off&#8221;]<\/p>\n<p>I nostri servizi igienici si trovano nel seminterrato dell&#8217;edificio principale e sono aperti 24 ore al giorno. Ci impegniamo sempre per la pulizia e l&#8217;igiene. Vi preghiamo di lasciare tutto come vorreste trovarlo.<br \/>\nAbbiamo anche 8 bagni privati per una maggiore privacy. Questi possono essere prenotati al giorno.<\/p>\n<p>[\/et_pb_accordion_item][et_pb_accordion_item title=&#8221;Riposo notturno&#8221; open_toggle_text_color=&#8221;#FFFFFF&#8221; open_toggle_background_color=&#8221;#5A6C54&#8243; closed_toggle_text_color=&#8221;#FFFFFF&#8221; closed_toggle_background_color=&#8221;#5A6C54&#8243; _builder_version=&#8221;4.21.0&#8243; _module_preset=&#8221;default&#8221; body_text_color=&#8221;#FFFFFF&#8221; global_colors_info=&#8221;{}&#8221; toggle_text_color=&#8221;#FFFFFF&#8221; open=&#8221;off&#8221;]<\/p>\n<p>Il riposo notturno va dalle 22:00 alle 7:00. Vi chiediamo di rispettarlo e di non disturbare i vicini con musica ad alto volume, conversazioni ad alta voce o rumori del motore. La vacanza deve essere rilassante e senza stress per tutti.<\/p>\n<p>[\/et_pb_accordion_item][et_pb_accordion_item title=&#8221;Braccialetto &#8211; pass per il campeggio:&#8221; open_toggle_text_color=&#8221;#FFFFFF&#8221; open_toggle_background_color=&#8221;#5A6C54&#8243; closed_toggle_text_color=&#8221;#FFFFFF&#8221; closed_toggle_background_color=&#8221;#5A6C54&#8243; _builder_version=&#8221;4.21.0&#8243; _module_preset=&#8221;default&#8221; body_text_color=&#8221;#FFFFFF&#8221; global_colors_info=&#8221;{}&#8221; toggle_text_color=&#8221;#FFFFFF&#8221; open=&#8221;off&#8221;]<\/p>\n<p>Ogni ospite del campeggio riceve all&#8217;arrivo un braccialetto come camping pass. Serve a impedire l&#8217;ingresso non autorizzato di estranei e consente il libero accesso al campeggio e ai servizi igienici in qualsiasi momento.<br \/>\nIl braccialetto pu\u00f2 essere utilizzato anche come mezzo di pagamento nel nostro bar\/bistrot. <br \/>\nL&#8217;addebito avverr\u00e0 alla reception al momento della partenza.<\/p>\n<p>[\/et_pb_accordion_item][et_pb_accordion_item title=&#8221;Fattura&#8221; open_toggle_text_color=&#8221;#FFFFFF&#8221; open_toggle_background_color=&#8221;#5A6C54&#8243; closed_toggle_text_color=&#8221;#FFFFFF&#8221; closed_toggle_background_color=&#8221;#5A6C54&#8243; _builder_version=&#8221;4.21.0&#8243; _module_preset=&#8221;default&#8221; body_text_color=&#8221;#FFFFFF&#8221; global_colors_info=&#8221;{}&#8221; toggle_text_color=&#8221;#FFFFFF&#8221; open=&#8221;off&#8221;]<\/p>\n<p>Il pagamento in contanti \u00e8 possibile per i cittadini dell&#8217;UE fino a un importo massimo di 4.999,00 euro. I cittadini extracomunitari possono pagare in contanti importi superiori. Accettiamo anche carte Visa, MasterCard e EC. Non \u00e8 possibile effettuare pagamenti con assegni.<br \/>\nPer una prenotazione vincolante chiediamo un deposito del 50% dell&#8217;importo totale. La caparra pu\u00f2 essere pagata con carta di credito tramite il modulo sulla nostra homepage o tramite bonifico bancario.<br \/>\nLe nostre coordinate bancarie sono:<br \/>\nBeneficiario: Wieser Nature &amp; Hospitality GmbH<br \/>\nConto corrente bancario: Cassa Raiffeisen di Tures e Aurina<br \/>\nIBAN: IT05H0828558270000304012542<br \/>\nSWIFT: RZSBIT21040<\/p>\n<p>[\/et_pb_accordion_item][et_pb_accordion_item title=&#8221;Prezzi&#8221; open_toggle_text_color=&#8221;#FFFFFF&#8221; open_toggle_background_color=&#8221;#5A6C54&#8243; closed_toggle_text_color=&#8221;#FFFFFF&#8221; closed_toggle_background_color=&#8221;#5A6C54&#8243; _builder_version=&#8221;4.21.0&#8243; _module_preset=&#8221;default&#8221; body_text_color=&#8221;#FFFFFF&#8221; global_colors_info=&#8221;{}&#8221; toggle_text_color=&#8221;#FFFFFF&#8221; open=&#8221;off&#8221;]<\/p>\n<p>Tutti i prezzi si intendono al giorno nel periodo indicato. I prezzi sono soggetti a variazioni senza preavviso, salvo errori e omissioni.<\/p>\n<p>[\/et_pb_accordion_item][et_pb_accordion_item title=&#8221;Wi-Fi&#8221; open_toggle_text_color=&#8221;#FFFFFF&#8221; open_toggle_background_color=&#8221;#5A6C54&#8243; closed_toggle_text_color=&#8221;#FFFFFF&#8221; closed_toggle_background_color=&#8221;#5A6C54&#8243; _builder_version=&#8221;4.21.0&#8243; _module_preset=&#8221;default&#8221; body_text_color=&#8221;#FFFFFF&#8221; global_colors_info=&#8221;{}&#8221; toggle_text_color=&#8221;#FFFFFF&#8221; open=&#8221;off&#8221;]<\/p>\n<p>Il Wi-Fi \u00e8 disponibile gratuitamente in tutta la struttura.<\/p>\n<p>[\/et_pb_accordion_item][et_pb_accordion_item title=&#8221;Raccolta differenziata&#8221; open_toggle_text_color=&#8221;#FFFFFF&#8221; open_toggle_background_color=&#8221;#5A6C54&#8243; closed_toggle_text_color=&#8221;#FFFFFF&#8221; closed_toggle_background_color=&#8221;#5A6C54&#8243; _builder_version=&#8221;4.21.0&#8243; _module_preset=&#8221;default&#8221; body_text_color=&#8221;#FFFFFF&#8221; global_colors_info=&#8221;{}&#8221; toggle_text_color=&#8221;#FFFFFF&#8221; open=&#8221;off&#8221;]<\/p>\n<p>Vi chiediamo di separare accuratamente i rifiuti e di smaltirli negli appositi contenitori (all&#8217;uscita): vetro, carta, metallo, bottiglie di plastica, Tetra Pak, cartone, rifiuti residui.<\/p>\n<p>[\/et_pb_accordion_item][et_pb_accordion_item title=&#8221;Fuochi aperti&#8221; open_toggle_text_color=&#8221;#FFFFFF&#8221; open_toggle_background_color=&#8221;#5A6C54&#8243; closed_toggle_text_color=&#8221;#FFFFFF&#8221; closed_toggle_background_color=&#8221;#5A6C54&#8243; _builder_version=&#8221;4.21.0&#8243; _module_preset=&#8221;default&#8221; body_text_color=&#8221;#FFFFFF&#8221; global_colors_info=&#8221;{}&#8221; toggle_text_color=&#8221;#FFFFFF&#8221; open=&#8221;off&#8221;]<\/p>\n<p>I fuochi aperti sono vietati a causa del rischio di incendio. Ad eccezione delle griglie su rastrelliera.<\/p>\n<p>[\/et_pb_accordion_item][et_pb_accordion_item title=&#8221;Visitatori&#8221; open_toggle_text_color=&#8221;#FFFFFF&#8221; open_toggle_background_color=&#8221;#5A6C54&#8243; closed_toggle_text_color=&#8221;#FFFFFF&#8221; closed_toggle_background_color=&#8221;#5A6C54&#8243; _builder_version=&#8221;4.21.0&#8243; _module_preset=&#8221;default&#8221; body_text_color=&#8221;#FFFFFF&#8221; global_colors_info=&#8221;{}&#8221; toggle_text_color=&#8221;#FFFFFF&#8221; open=&#8221;off&#8221;]<\/p>\n<p>I visitatori sono i benvenuti ma devono identificarsi alla reception.<\/p>\n<p>[\/et_pb_accordion_item][et_pb_accordion_item title=&#8221;Emergenze&#8221; open_toggle_text_color=&#8221;#FFFFFF&#8221; open_toggle_background_color=&#8221;#5A6C54&#8243; closed_toggle_text_color=&#8221;#FFFFFF&#8221; closed_toggle_background_color=&#8221;#5A6C54&#8243; _builder_version=&#8221;4.21.0&#8243; _module_preset=&#8221;default&#8221; body_text_color=&#8221;#FFFFFF&#8221; background_color=&#8221;#FFFFFF&#8221; background_enable_color=&#8221;on&#8221; global_colors_info=&#8221;{}&#8221; toggle_text_color=&#8221;#FFFFFF&#8221; open=&#8221;off&#8221;]<\/p>\n<p>Numero di emergenza: 112<br \/>\nL&#8217;ospedale pi\u00f9 vicino si trova a Brunico, a 15 km di distanza.<\/p>\n<p><a href=\"https:\/\/www.google.it\/maps\/place\/Ospedale+di+Brunico\/@46.7998081,11.9341309,17z\/data=!3m1!4b1!4m6!3m5!1s0x47782024a97b79bb:0x10620c8af8ca6285!8m2!3d46.7998045!4d11.9367112!16s%2Fg%2F11bxg8bqbz?hl=it&amp;entry=ttu\">Google Maps<\/a><\/p>\n<p>[\/et_pb_accordion_item][\/et_pb_accordion][\/et_pb_column][\/et_pb_row][et_pb_row _builder_version=&#8221;4.27.4&#8243; _module_preset=&#8221;default&#8221; background_color=&#8221;#FFFFFF&#8221; width=&#8221;100%&#8221; max_width=&#8221;2560px&#8221; module_alignment=&#8221;center&#8221; custom_padding=&#8221;89px|||||&#8221; global_colors_info=&#8221;{}&#8221;][et_pb_column type=&#8221;4_4&#8243; _builder_version=&#8221;4.27.4&#8243; _module_preset=&#8221;default&#8221; global_colors_info=&#8221;{}&#8221;][et_pb_text _builder_version=&#8221;4.27.4&#8243; _module_preset=&#8221;default&#8221; text_orientation=&#8221;center&#8221; width=&#8221;70%&#8221; module_alignment=&#8221;center&#8221; global_colors_info=&#8221;{}&#8221;]<\/p>\n<h3>Assicurazione storno viaggi<\/h3>\n<p>Prima di intraprendere un viaggio pu\u00f2 sempre capitare qualcosa. Con la nostra assicurazione storno viaggi siete assicurati economicamente. Una partenza ritardata, l&#8217;annullamento o l&#8217;interruzione del vostro soggiorno, potrebbero fare scaturire delle penalit\u00e0 a Vs. carico. Per evitare tali spese, Vi suggeriamo di stipulare l&#8217;assicurazione storno viaggi. In questi casi, L&#8217;Europ\u00e4ische si assumerebbe suddette spese.<\/p>\n<p>[\/et_pb_text][et_pb_code _builder_version=&#8221;4.27.4&#8243; _module_preset=&#8221;default&#8221; background_color=&#8221;RGBA(255,255,255,0)&#8221; width=&#8221;70%&#8221; module_alignment=&#8221;center&#8221; custom_padding=&#8221;50px||50px||false|false&#8221; global_colors_info=&#8221;{}&#8221;]<pee><!-- CODE START--><\/pee><!-- [et_pb_line_break_holder] --><\/p>\n<div id=\"hgPaymentWidget\">\u00a0<\/div>\n<p><!-- [et_pb_line_break_holder] --><pee><script type=\"text\/javascript\" src=\"https:\/\/secure.gastropool.it\/rxwidgets\/payment\/script\/it?E1E073CA1207D81DD0A521EC16E244392CBA7924EC3D8DF49601631027712D74\" defer async><\/script><!\u2013- [et_pb_br_holder] -\u2013><!-- [et_pb_line_break_holder] --><!-- CODE END--><\/pee> [\/et_pb_code][\/et_pb_column][\/et_pb_row][\/et_pb_section][et_pb_section fb_built=&#8221;1&#8243; admin_label=&#8221;Subscribe&#8221; _builder_version=&#8221;4.21.0&#8243; _module_preset=&#8221;default&#8221; background_color=&#8221;#3d4f3a&#8221; background_enable_image=&#8221;off&#8221; parallax=&#8221;on&#8221; custom_padding=&#8221;0px||||false|false&#8221; saved_tabs=&#8221;all&#8221; global_colors_info=&#8221;{}&#8221;][et_pb_row _builder_version=&#8221;4.16&#8243; _module_preset=&#8221;default&#8221; custom_padding=&#8221;3px|||||&#8221; global_colors_info=&#8221;{}&#8221;][et_pb_column type=&#8221;4_4&#8243; _builder_version=&#8221;4.16&#8243; _module_preset=&#8221;default&#8221; global_colors_info=&#8221;{}&#8221;][et_pb_signup mailchimp_list=&#8221;welcome@sandgoldit|7f5ef337ef&#8221; layout=&#8221;top_bottom&#8221; use_custom_fields=&#8221;on&#8221; title=&#8221;Newsletter&#8221; _builder_version=&#8221;4.27.4&#8243; _module_preset=&#8221;default&#8221; form_field_background_color=&#8221;#ffffff&#8221; form_field_font=&#8221;Karla||||||||&#8221; form_field_font_size=&#8221;16px&#8221; form_field_line_height=&#8221;1.8em&#8221; use_background_color=&#8221;off&#8221; custom_button=&#8221;on&#8221; button_text_size=&#8221;14px&#8221; button_text_color=&#8221;#ffffff&#8221; button_bg_color=&#8221;#C0AB6A&#8221; button_border_width=&#8221;0px&#8221; button_border_radius=&#8221;0px&#8221; button_letter_spacing=&#8221;2px&#8221; button_font=&#8221;|||on|||||&#8221; button_custom_padding=&#8221;15px|40px|15px|40px|true|true&#8221; max_width=&#8221;50%&#8221; max_width_tablet=&#8221;80%&#8221; max_width_phone=&#8221;&#8221; max_width_last_edited=&#8221;on|phone&#8221; module_alignment=&#8221;center&#8221; custom_padding=&#8221;40px||||false|false&#8221; form_field_font_size_tablet=&#8221;&#8221; form_field_font_size_phone=&#8221;14px&#8221; form_field_font_size_last_edited=&#8221;on|phone&#8221; border_radii_fields=&#8221;on|0px|0px|0px|0px&#8221; locked=&#8221;off&#8221; global_colors_info=&#8221;{}&#8221;][et_pb_signup_custom_field field_id=&#8221;21d436409c&#8221; field_title=&#8221;Language \/ Sprache \/ Lingua&#8221; field_type=&#8221;checkbox&#8221; checkbox_options=&#8221;%91{%22checked%22:0,%22value%22:%22English%22,%22id%22:%22b64be834bb%22},{%22checked%22:0,%22value%22:%22Deutsch%22,%22id%22:%2237874c00fa%22},{%22checked%22:0,%22value%22:%22Italiano%22,%22id%22:%22688f6e90f9%22}%93&#8243; _builder_version=&#8221;4.21.0&#8243; _module_preset=&#8221;default&#8221; global_colors_info=&#8221;{}&#8221; predefined_field=&#8221;21d436409c&#8221;][\/et_pb_signup_custom_field][\/et_pb_signup][\/et_pb_column][\/et_pb_row][\/et_pb_section]<\/p>\n","protected":false},"excerpt":{"rendered":"<p>Arrivare, respirareCome trovare il nostro campeggio In auto Provenendo dalla A22: uscita Bressanone, direzione Brunico; bypassare Brunico &#8211; uscita Brunico Ost, direzione Valle Aurina sulla SS621; all&#8217;ingresso di Molini di Tures all&#8217;incrocio proseguire dritto, direzione Reinbachwasserf\u00e4lle, proseguire per 2,5 km e poi girare a destra in Winkelweg. Dopo il ponte, il campeggio S\u00e5ndg\u00f8ld si trova [&hellip;]<\/p>\n","protected":false},"author":1,"featured_media":0,"parent":0,"menu_order":90,"comment_status":"closed","ping_status":"closed","template":"","meta":{"_et_pb_use_builder":"on","_et_pb_old_content":"","_et_gb_content_width":"","footnotes":""},"class_list":["post-240679","page","type-page","status-publish","hentry"],"_links":{"self":[{"href":"https:\/\/www.sandgold.it\/it\/wp-json\/wp\/v2\/pages\/240679","targetHints":{"allow":["GET"]}}],"collection":[{"href":"https:\/\/www.sandgold.it\/it\/wp-json\/wp\/v2\/pages"}],"about":[{"href":"https:\/\/www.sandgold.it\/it\/wp-json\/wp\/v2\/types\/page"}],"author":[{"embeddable":true,"href":"https:\/\/www.sandgold.it\/it\/wp-json\/wp\/v2\/users\/1"}],"replies":[{"embeddable":true,"href":"https:\/\/www.sandgold.it\/it\/wp-json\/wp\/v2\/comments?post=240679"}],"version-history":[{"count":24,"href":"https:\/\/www.sandgold.it\/it\/wp-json\/wp\/v2\/pages\/240679\/revisions"}],"predecessor-version":[{"id":244052,"href":"https:\/\/www.sandgold.it\/it\/wp-json\/wp\/v2\/pages\/240679\/revisions\/244052"}],"wp:attachment":[{"href":"https:\/\/www.sandgold.it\/it\/wp-json\/wp\/v2\/media?parent=240679"}],"curies":[{"name":"wp","href":"https:\/\/api.w.org\/{rel}","templated":true}]}}